{"id":1452,"date":"2024-03-18T08:42:31","date_gmt":"2024-03-18T07:42:31","guid":{"rendered":"http:\/\/pec.swinoujscie.pl\/?page_id=1452"},"modified":"2026-03-19T08:00:15","modified_gmt":"2026-03-19T07:00:15","slug":"wskaznik-nakladu-nieodnawialnej-energii-pierwotnej","status":"publish","type":"page","link":"https:\/\/pec.swinoujscie.pl\/index.php\/dla-odbiorcy\/wskaznik-nakladu-nieodnawialnej-energii-pierwotnej\/","title":{"rendered":"Szczeg\u00f3\u0142owe informacje z dzia\u0142a\u0144 maj\u0105cych na celu osi\u0105gni\u0119cie efektywnego energetycznie systemu ciep\u0142owniczego"},"content":{"rendered":"<p>Przedsi\u0119biorstwo Energetyki Cieplnej Sp. z o.o. informuje, i\u017c warto\u015b\u0107 wsp\u00f3\u0142czynnika nak\u0142adu nieodnawialnej energii pierwotnej (wi) na wytworzenie energii wynosi <strong>1,1<\/strong>, natomiast warto\u015b\u0107 wska\u017anika nak\u0142adu nieodnawialnej energii pierwotnej dla sieci ciep\u0142owniczej wynosi <strong>1,46<\/strong>.<\/p>\n<p>Wska\u017anik nak\u0142adu nieodnawialnej energii pierwotnej, oznaczony symbolem ,,WP,c\u2019\u2019 dla sieci ciep\u0142owniczej, bez wzgl\u0119du na ilo\u015b\u0107 i rodzaj \u017ar\u00f3de\u0142 ciep\u0142a oraz technologii wykorzystywanych do wytwarzania i dostarczania ciep\u0142a do odbiorcy ko\u0144cowego obliczono na podstawie danych za 2025r.<\/p>\n<p>Wska\u017anik ten obliczono zgodnie z Za\u0142\u0105cznikiem nr 4 punkt 1.3. do Rozporz\u0105dzenia Ministra Gospodarki z dnia 5 pa\u017adziernika 2017r. w sprawie szczeg\u00f3\u0142owego zakresu i sposobu sporz\u0105dzania audytu efektywno\u015bci energetycznej oraz metod obliczania oszcz\u0119dno\u015bci energii.<\/p>\n<p>&nbsp;<\/p>\n<p>&nbsp;<\/p>\n\n<table id=\"tablepress-7\" class=\"tablepress tablepress-id-7\">\n<tbody class=\"row-striping\">\n<tr class=\"row-1\">\n\t<td class=\"column-1\">1<\/td><td class=\"column-2\">Procentowy udzia\u0142 energii z odnawialnych \u017ar\u00f3de\u0142 energii, z podaniem rodzaju odnawialnego \u017ar\u00f3d\u0142a energii, w \u0142\u0105cznej ilo\u015bci ciep\u0142a dostarczonego do systemu ciep\u0142owniczego w poprzednim roku kalendarzowym<\/td><td class=\"column-3\">0 %<\/td><td class=\"column-4\"><\/td><td class=\"column-5\"><\/td><td class=\"column-6\"><\/td>\n<\/tr>\n<tr class=\"row-2\">\n\t<td class=\"column-1\">2<\/td><td class=\"column-2\">Procentowy udzia\u0142 ciep\u0142a odpadowego w \u0142\u0105cznej ilo\u015bci ciep\u0142a dostarczonego do systemu ciep\u0142owniczego w poprzednim roku kalendarzowym<\/td><td class=\"column-3\">0 %<br \/>\n<\/td><td class=\"column-4\"><\/td><td class=\"column-5\"><\/td><td class=\"column-6\"><\/td>\n<\/tr>\n<tr class=\"row-3\">\n\t<td class=\"column-1\">3<\/td><td class=\"column-2\">Procentowy udzia\u0142 ciep\u0142a pochodz\u0105cego z kogeneracji w \u0142\u0105cznej ilo\u015bci ciep\u0142a dostarczonego do systemu ciep\u0142owniczego w poprzednim roku kalendarzowym<\/td><td class=\"column-3\">0 %<br \/>\n<\/td><td class=\"column-4\"><\/td><td class=\"column-5\"><\/td><td class=\"column-6\"><\/td>\n<\/tr>\n<tr class=\"row-4\">\n\t<td class=\"column-1\">4<\/td><td class=\"column-2\">Warto\u015bci wsp\u00f3\u0142czynnika nak\u0142adu nieodnawialnej energii pierwotnej obliczonego zgodnie z Za\u0142\u0105cznikiem nr 4 punkt 1.3. do Rozporz\u0105dzenia Ministra Gospodarki z dnia 5 pa\u017adziernika 2017r. w sprawie szczeg\u00f3\u0142owego zakresu i sposobu sporz\u0105dzania audytu efektywno\u015bci energetycznej oraz metod obliczania oszcz\u0119dno\u015bci energii.<\/td><td class=\"column-3\">1.1<\/td><td class=\"column-4\"><\/td><td class=\"column-5\"><\/td><td class=\"column-6\"><\/td>\n<\/tr>\n<tr class=\"row-5\">\n\t<td class=\"column-1\">5<\/td><td class=\"column-2\">Suma ko\u0144cowego zu\u017cycia energii cieplnej brutto, o kt\u00f3rej mowa w art. 2 pkt 16 ustawy z dnia 20 lutego 2015 r. o odnawialnych \u017ar\u00f3d\u0142ach energii (Dz. U. z 2023 r. poz. 1436, z p\u00f3\u017an. zm.), wytworzonej przez wszystkich wytw\u00f3rc\u00f3w ciep\u0142a w systemie ciep\u0142owniczym w roku 2025 [GJ]<\/td><td class=\"column-3\">578040 GJ<\/td><td class=\"column-4\"><\/td><td class=\"column-5\"><\/td><td class=\"column-6\"><\/td>\n<\/tr>\n<\/tbody>\n<\/table>\n<!-- #tablepress-7 from cache -->\n","protected":false},"excerpt":{"rendered":"<p>Przedsi\u0119biorstwo Energetyki Cieplnej Sp. z o.o. informuje, i\u017c warto\u015b\u0107 wsp\u00f3\u0142czynnika nak\u0142adu nieodnawialnej energii pierwotnej (wi) na wytworzenie energii wynosi 1,1, natomiast warto\u015b\u0107 wska\u017anika nak\u0142adu nieodnawialnej energii pierwotnej dla sieci ciep\u0142owniczej wynosi 1,46. Wska\u017anik nak\u0142adu nieodnawialnej energii pierwotnej, oznaczony symbolem ,,WP,c\u2019\u2019 dla sieci ciep\u0142owniczej, bez wzgl\u0119du na ilo\u015b\u0107 i rodzaj \u017ar\u00f3de\u0142 ciep\u0142a oraz technologii wykorzystywanych do wytwarzania i dostarczania ciep\u0142a do odbiorcy ko\u0144cowego obliczono na podstawie danych za 2025r. Wska\u017anik ten obliczono zgodnie z Za\u0142\u0105cznikiem nr 4 punkt 1.3. do Rozporz\u0105dzenia Ministra Gospodarki z dnia 5 pa\u017adziernika 2017r. w sprawie szczeg\u00f3\u0142owego zakresu i sposobu sporz\u0105dzania audytu efektywno\u015bci energetycznej oraz metod obliczania &hellip;<\/p>\n","protected":false},"author":1,"featured_media":0,"parent":86,"menu_order":0,"comment_status":"closed","ping_status":"closed","template":"","meta":{"footnotes":""},"class_list":["post-1452","page","type-page","status-publish","hentry"],"publishpress_future_action":{"enabled":false,"date":"2026-05-10 13:12:28","action":"change-status","newStatus":"draft","terms":[],"taxonomy":"","extraData":[]},"publishpress_future_workflow_manual_trigger":{"enabledWorkflows":[]},"_links":{"self":[{"href":"https:\/\/pec.swinoujscie.pl\/index.php\/wp-json\/wp\/v2\/pages\/1452","targetHints":{"allow":["GET"]}}],"collection":[{"href":"https:\/\/pec.swinoujscie.pl\/index.php\/wp-json\/wp\/v2\/pages"}],"about":[{"href":"https:\/\/pec.swinoujscie.pl\/index.php\/wp-json\/wp\/v2\/types\/page"}],"author":[{"embeddable":true,"href":"https:\/\/pec.swinoujscie.pl\/index.php\/wp-json\/wp\/v2\/users\/1"}],"replies":[{"embeddable":true,"href":"https:\/\/pec.swinoujscie.pl\/index.php\/wp-json\/wp\/v2\/comments?post=1452"}],"version-history":[{"count":8,"href":"https:\/\/pec.swinoujscie.pl\/index.php\/wp-json\/wp\/v2\/pages\/1452\/revisions"}],"predecessor-version":[{"id":2045,"href":"https:\/\/pec.swinoujscie.pl\/index.php\/wp-json\/wp\/v2\/pages\/1452\/revisions\/2045"}],"up":[{"embeddable":true,"href":"https:\/\/pec.swinoujscie.pl\/index.php\/wp-json\/wp\/v2\/pages\/86"}],"wp:attachment":[{"href":"https:\/\/pec.swinoujscie.pl\/index.php\/wp-json\/wp\/v2\/media?parent=1452"}],"curies":[{"name":"wp","href":"https:\/\/api.w.org\/{rel}","templated":true}]}}